{"id":161,"date":"2025-04-18T18:54:21","date_gmt":"2025-04-18T16:54:21","guid":{"rendered":"https:\/\/beyondthestory.de\/?page_id=161"},"modified":"2026-03-15T13:46:42","modified_gmt":"2026-03-15T12:46:42","slug":"about-me-miriam-ruerup","status":"publish","type":"page","link":"https:\/\/beyondthestory.de\/en\/ueber-mich-miriam-ruerup\/","title":{"rendered":"About me"},"content":{"rendered":"<div class=\"wp-block-group alignfull has-base-2-background-color has-background has-global-padding is-layout-constrained wp-container-core-group-is-layout-d89aad35 wp-block-group-is-layout-constrained\" style=\"margin-top:0;margin-bottom:0;padding-top:var(--wp--preset--spacing--50);padding-right:var(--wp--preset--spacing--50);padding-bottom:var(--wp--preset--spacing--50);padding-left:var(--wp--preset--spacing--50)\">\n<div class=\"wp-block-columns alignwide is-layout-flex wp-container-core-columns-is-layout-1da03c2a wp-block-columns-is-layout-flex\">\n<div class=\"wp-block-column is-layout-flow wp-block-column-is-layout-flow\" style=\"flex-basis:40%\">\n<h2 class=\"wp-block-heading\"><strong>Who I Am<\/strong><\/h2>\n\n\n\n<p>I am Miriam R\u00fcrup, alternative practitioner for psychotherapy and coach in Berlin. <\/p>\n\n\n\n<p><strong>I'm interested in how we understand each other through stories<\/strong>: about the stories we tell about ourselves, about what we have experienced and about what has shaped us.<\/p>\n\n\n\n<p>This becomes particularly important in life crises, transitions and times of inner reorientation - when the previous self-image is no longer sustainable and new orientation becomes necessary.<\/p>\n<\/div>\n\n\n\n<div class=\"wp-block-column is-vertically-aligned-center is-layout-flow wp-block-column-is-layout-flow\" style=\"flex-basis:60%\">\n<figure class=\"wp-block-image size-full is-style-rounded wp-duotone-unset-2 is-style-rounded--1\"><img loading=\"lazy\" decoding=\"async\" width=\"2560\" height=\"1706\" src=\"https:\/\/beyondthestory.de\/wp-content\/uploads\/2025\/05\/IMG_0007.jpg\" alt=\"\" class=\"wp-image-1058\" style=\"aspect-ratio:4\/3;object-fit:cover\" srcset=\"https:\/\/beyondthestory.de\/wp-content\/uploads\/2025\/05\/IMG_0007.jpg 2560w, https:\/\/beyondthestory.de\/wp-content\/uploads\/2025\/05\/IMG_0007-300x200.jpg 300w, https:\/\/beyondthestory.de\/wp-content\/uploads\/2025\/05\/IMG_0007-1024x682.jpg 1024w, https:\/\/beyondthestory.de\/wp-content\/uploads\/2025\/05\/IMG_0007-768x512.jpg 768w, https:\/\/beyondthestory.de\/wp-content\/uploads\/2025\/05\/IMG_0007-1536x1024.jpg 1536w, https:\/\/beyondthestory.de\/wp-content\/uploads\/2025\/05\/IMG_0007-2048x1365.jpg 2048w\" sizes=\"auto, (max-width: 2560px) 100vw, 2560px\" \/><\/figure>\n<\/div>\n<\/div>\n<\/div>\n\n\n\n<h2 class=\"wp-block-heading\"><strong>What I Do<\/strong><\/h2>\n\n\n\n<p>I listen carefully and pay attention to your narrative patterns. I unravel the narrative threads and turning points of your life and help you to make your values, wishes and desires more visible.<\/p>\n\n\n\n<p><strong>During the conversation, I not only hear the problem, but also what is next to it, underneath it or despite it.<\/strong><\/p>\n\n\n\n<div class=\"wp-block-buttons is-layout-flex wp-block-buttons-is-layout-flex\">\n<div class=\"wp-block-button is-style-outline is-style-outline--3\"><a class=\"wp-block-button__link has-accent-4-background-color has-background wp-element-button\" href=\"https:\/\/beyondthestory.de\/en\/approach-methods-psychotherapy-coaching-in-berlin\/\">Approach &amp; Methods<\/a><\/div>\n<\/div>\n\n\n\n<div style=\"height:40px\" aria-hidden=\"true\" class=\"wp-block-spacer\"><\/div>\n\n\n\n<h2 class=\"wp-block-heading\"><strong>My Path<\/strong><\/h2>\n\n\n\n<p>Language, culture and identity fascinated me from an early age and turned me into a bookworm. I found different perspectives, experiences, life plans and realities in books. I have always been particularly interested, <strong>what doesn't seem to fit together at first glance - and what can happen when it becomes a real encounter.<\/strong><\/p>\n\n\n\n<p>A key moment for me was the discovery of the <strong>Hero\u2019s Journey <\/strong>in a seminar on screenwriting over twenty years ago. She showed me how people pass on their experiences, how they face challenges, interpret transitions and talk about what it means to be human.<\/p>\n\n\n\n<p>In my work at the <strong>intercultural context <\/strong>I was able to hear many different life stories. This has always made me question my own point of view and broaden my perspective.<\/p>\n\n\n\n<p class=\"translation-block\">It became increasingly clear to me how much <strong>self-worth and belonging<\/strong> are linked to how we understand, categorise and narrate our experiences.<\/p>\n\n\n\n<div style=\"height:41px\" aria-hidden=\"true\" class=\"wp-block-spacer\"><\/div>\n\n\n\n<h2 class=\"wp-block-heading\"><strong>Beyond the Story<\/strong><\/h2>\n\n\n\n<p>My work is called 'Beyond the Story' because I believe:<br>\u2728 <strong>There\u2019s always more behind every story.<\/strong> \u2728<br>More than roles, labels, and old narratives.<br>More than what\u2019s considered 'functional.'<br>More than what fits on Instagram or a r\u00e9sum\u00e9.<\/p>\n\n\n\n<div style=\"height:40px\" aria-hidden=\"true\" class=\"wp-block-spacer\"><\/div>\n\n\n\n<h2 class=\"wp-block-heading\"><strong>What I Stand For<\/strong><\/h2>\n\n\n\n<p>\ud83c\udf31 I\u2019m convinced that&nbsp;<strong><strong> stories - or narratives - shape our lives<\/strong> ,<\/strong>&nbsp;both personally and socially.<\/p>\n\n\n\n<p>\ud83c\udf31 Narrative therapy and intercultural coaching are grounded in&nbsp;<strong><strong> genuine curiosity and deep respect<\/strong><\/strong>&nbsp;for others.<\/p>\n\n\n\n<p>\ud83c\udf31 Our&nbsp;<strong><strong> differences<\/strong><\/strong>&nbsp;are what make life flavorful. A diverse society is more creative, more innovative, and more livable than one that strives for uniformity.<\/p>\n\n\n\n<p>\ud83c\udf31 Each person knows <strong><strong>  their own life <\/strong><\/strong> and challenges best - I simply help uncover&nbsp;<strong>what\u2019s hidden&nbsp;<\/strong>and loosen <strong>limiting thought patterns <\/strong>to dissolve.<\/p>\n\n\n\n<p>\ud83c\udf31 <strong>Storytelling works.<\/strong> Advertising uses it to manipulate - I use it to empower. <strong>I firmly reject manipulative storytelling.<\/strong><\/p>\n\n\n\n<div class=\"wp-block-group alignfull has-global-padding is-layout-constrained wp-container-core-group-is-layout-d89aad35 wp-block-group-is-layout-constrained\" style=\"margin-top:0;margin-bottom:0;padding-top:var(--wp--preset--spacing--50);padding-right:var(--wp--preset--spacing--50);padding-bottom:var(--wp--preset--spacing--50);padding-left:var(--wp--preset--spacing--50)\">\n<div class=\"wp-block-columns alignwide are-vertically-aligned-center is-layout-flex wp-container-core-columns-is-layout-47c06fe3 wp-block-columns-is-layout-flex\">\n<div class=\"wp-block-column is-vertically-aligned-center is-layout-flow wp-block-column-is-layout-flow\" style=\"flex-basis:50%\">\n<figure class=\"wp-block-image size-full is-style-rounded is-style-rounded--4\"><img loading=\"lazy\" decoding=\"async\" width=\"1152\" height=\"2048\" src=\"https:\/\/beyondthestory.de\/wp-content\/uploads\/2025\/05\/Gemaelde-Brille.jpg\" alt=\"\" class=\"wp-image-1061\" style=\"aspect-ratio:4\/3;object-fit:cover\" srcset=\"https:\/\/beyondthestory.de\/wp-content\/uploads\/2025\/05\/Gemaelde-Brille.jpg 1152w, https:\/\/beyondthestory.de\/wp-content\/uploads\/2025\/05\/Gemaelde-Brille-169x300.jpg 169w, https:\/\/beyondthestory.de\/wp-content\/uploads\/2025\/05\/Gemaelde-Brille-576x1024.jpg 576w, https:\/\/beyondthestory.de\/wp-content\/uploads\/2025\/05\/Gemaelde-Brille-768x1365.jpg 768w, https:\/\/beyondthestory.de\/wp-content\/uploads\/2025\/05\/Gemaelde-Brille-864x1536.jpg 864w\" sizes=\"auto, (max-width: 1152px) 100vw, 1152px\" \/><\/figure>\n<\/div>\n\n\n\n<div class=\"wp-block-column is-vertically-aligned-center is-layout-flow wp-block-column-is-layout-flow\" style=\"flex-basis:50%\">\n<h2 class=\"wp-block-heading\"><strong>What Defines Me<\/strong><\/h2>\n\n\n\n<p>I believe that each person holds their own solutions within. My approach is shaped by <strong>listening,<\/strong> asking questions, and discovering new ways together. I use <strong><strong> creative methods <\/strong><\/strong>that invite reflection and development - often playful, sometimes <strong>unconventional<\/strong>, but always with depth.<\/p>\n\n\n\n<p>I\u2019m <strong>structured<\/strong>, <strong>attentive <\/strong>and <strong>professional<\/strong>. I work with heart - but without making false promises. I take people seriously - even between the lines. I believe in change. And in storytelling as a key to it.<\/p>\n<\/div>\n<\/div>\n<\/div>\n\n\n\n<h2 class=\"wp-block-heading\"><strong>Hard Facts About Me<\/strong><\/h2>\n\n\n\n<p>\ud83e\uddfe Over 15 years of experience in the&nbsp;<strong><strong>  intercultural education<\/strong><\/strong>&nbsp;and working with&nbsp;<strong>people from more than 60 countries<\/strong><\/p>\n\n\n\n<p>\ud83e\uddfe <strong>B.A. in Cultural Studies<\/strong>&nbsp;(FernUniversit\u00e4t in Hagen)<\/p>\n\n\n\n<p>\ud83e\uddfe<strong>M.A. in Biographical and Creative Writing<\/strong> (Alice Salomon University, Berlin)<\/p>\n\n\n\n<p>\ud83e\uddfe <strong>Licensed Alternative Practitioner for Psychotherapy<\/strong>&nbsp;(Berlin Health Authority, Lichtenberg)<\/p>\n\n\n\n<p>\ud83e\uddfe Trained&nbsp;<strong><strong> Narrative Therapist<\/strong><\/strong>&nbsp;(Institute of Narrative Therapy, UK &amp; Institut f\u00fcr ressourcenorientierte Gespr\u00e4chsf\u00fchrung, Hamburg)<\/p>\n\n\n\n<p>\ud83e\uddfeFurther training <strong>Systemic heroine and hero journey<\/strong> with Prof Holger Lindemann<\/p>\n\n\n\n<p>\ud83e\uddfe Trained&nbsp;<strong><strong> Certified Systemic Coach and Integration Consultant<\/strong><\/strong>&nbsp;(Institut f\u00fcr Bildungscoaching)<\/p>\n\n\n\n<p>\ud83e\uddfeTraining as a&nbsp;<strong><\/strong> author, editor, and dramaturg<\/strong><\/strong>&nbsp;(Skript Akademie, Berlin)<\/p>\n\n\n\n<p>\ud83e\uddfe <strong>Published<\/strong>&nbsp;short story 'Abgefahren' in the anthology 'Vom Aufstehen' (Schibiri Verlag, 2021)<\/p>\n\n\n\n<div style=\"height:40px\" aria-hidden=\"true\" class=\"wp-block-spacer\"><\/div>\n\n\n\n<h2 class=\"wp-block-heading\"><strong>Fun Facts<\/strong><\/h2>\n\n\n\n<p>\ud83c\udf88 When&nbsp;<strong><strong> swimming<\/strong><\/strong>- my favorite sport - I\u2019m as blind as a mole without my glasses<\/p>\n\n\n\n<p>\ud83c\udf88 I\u2019m&nbsp;<strong><strong> an early bird<\/strong>.<\/strong> My best ideas come at 5 a.m.<\/p>\n\n\n\n<p>\ud83c\udf88 I laugh heartily at my own&nbsp;<strong><strong> 'misheard lyrics'<\/strong><\/strong>&nbsp;- like thinking 'Sweet dreams are made of&nbsp;<strong><strong> cheese' <\/strong><\/strong>instead of 'Sweet dreams are made of&nbsp;<strong><strong> this' <\/strong><\/strong>by the Eurythmics<\/p>\n\n\n\n<p>\ud83c\udf88 I collect&nbsp;<strong><strong>  curious quirks of the German language <\/strong><\/strong>- like: 'Du kannst&nbsp;<strong>ruhig lauter<\/strong>&nbsp;sprechen' or 'Wir sollten uns&nbsp;<strong>langsam<\/strong>&nbsp;mal&nbsp;<strong>beeilen<\/strong>'<\/p>\n\n\n\n<div class=\"wp-block-group alignfull has-global-padding is-layout-constrained wp-container-core-group-is-layout-d89aad35 wp-block-group-is-layout-constrained\" style=\"margin-top:0;margin-bottom:0;padding-top:var(--wp--preset--spacing--50);padding-right:var(--wp--preset--spacing--50);padding-bottom:var(--wp--preset--spacing--50);padding-left:var(--wp--preset--spacing--50)\">\n<div class=\"wp-block-columns alignwide are-vertically-aligned-center is-layout-flex wp-container-core-columns-is-layout-47c06fe3 wp-block-columns-is-layout-flex\">\n<div class=\"wp-block-column is-vertically-aligned-center is-layout-flow wp-block-column-is-layout-flow\" style=\"flex-basis:50%\">\n<figure class=\"wp-block-image size-full is-style-rounded is-style-rounded--5\"><img loading=\"lazy\" decoding=\"async\" width=\"1024\" height=\"1024\" src=\"https:\/\/beyondthestory.de\/wp-content\/uploads\/2025\/04\/Miriam_Ruerup-2.png\" alt=\"\" class=\"wp-image-76\" style=\"aspect-ratio:4\/3;object-fit:cover\" srcset=\"https:\/\/beyondthestory.de\/wp-content\/uploads\/2025\/04\/Miriam_Ruerup-2.png 1024w, https:\/\/beyondthestory.de\/wp-content\/uploads\/2025\/04\/Miriam_Ruerup-2-300x300.png 300w, https:\/\/beyondthestory.de\/wp-content\/uploads\/2025\/04\/Miriam_Ruerup-2-150x150.png 150w, https:\/\/beyondthestory.de\/wp-content\/uploads\/2025\/04\/Miriam_Ruerup-2-768x768.png 768w\" sizes=\"auto, (max-width: 1024px) 100vw, 1024px\" \/><\/figure>\n<\/div>\n\n\n\n<div class=\"wp-block-column is-vertically-aligned-center is-layout-flow wp-block-column-is-layout-flow\" style=\"flex-basis:50%\">\n<h2 class=\"wp-block-heading\"><strong>In Short<\/strong><\/h2>\n\n\n\n<p>Miriam R\u00fcrup is a non-medical practitioner for psychotherapy and coach in Berlin. She supports people in life crises, transitions and phases of inner and outer reorientation. Her work is characterised by narrative and combines psychotherapeutic responsibility with a culturally sensitive perspective.<\/p>\n\n\n\n<div class=\"wp-block-buttons is-content-justification-left is-layout-flex wp-container-core-buttons-is-layout-fc4fd283 wp-block-buttons-is-layout-flex\">\n<div class=\"wp-block-button\"><a class=\"wp-block-button__link has-accent-3-background-color has-background wp-element-button\" href=\"https:\/\/beyondthestory.de\/en\/contact-dates-psychotherapy-coaching-in-berlin\/\">contact me<\/a><\/div>\n<\/div>\n<\/div>\n<\/div>\n<\/div>","protected":false},"excerpt":{"rendered":"<p>Wer ich bin Ich bin Miriam R\u00fcrup, Heilpraktikerin f\u00fcr Psychotherapie und Coachin in Berlin.. Mich interessiert, wie wir uns \u00fcber Geschichten verstehen: \u00fcber die Geschichten, die wir \u00fcber uns selbst erz\u00e4hlen, \u00fcber das, was wir erlebt haben, und \u00fcber das, was uns gepr\u00e4gt hat. Besonders wichtig wird das in Lebenskrisen, \u00dcberg\u00e4ngen und Zeiten innerer Neuorientierung [&hellip;]<\/p>\n","protected":false},"author":1,"featured_media":0,"parent":0,"menu_order":0,"comment_status":"closed","ping_status":"closed","template":"","meta":{"footnotes":""},"class_list":["post-161","page","type-page","status-publish","hentry"],"yoast_head":"<!-- This site is optimized with the Yoast SEO plugin v27.5 - https:\/\/yoast.com\/product\/yoast-seo-wordpress\/ -->\n<title>\u00dcber mich - BeyondTheStory<\/title>\n<meta name=\"description\" content=\"Ich begleite Menschen dabei, ihre Geschichte neu zu sehen, zu verstehen &amp; zu erz\u00e4hlen \u2013 mit Empathie, Klarheit &amp; interkultureller Erfahrung.\" \/>\n<meta name=\"robots\" content=\"index, follow, max-snippet:-1, max-image-preview:large, max-video-preview:-1\" \/>\n<link rel=\"canonical\" href=\"https:\/\/beyondthestory.de\/en\/about-me-miriam-ruerup\/\" \/>\n<meta property=\"og:locale\" content=\"en_GB\" \/>\n<meta property=\"og:type\" content=\"article\" \/>\n<meta property=\"og:title\" content=\"\u00dcber mich - BeyondTheStory\" \/>\n<meta property=\"og:description\" content=\"Ich begleite Menschen dabei, ihre Geschichte neu zu sehen, zu verstehen &amp; zu erz\u00e4hlen \u2013 mit Empathie, Klarheit &amp; interkultureller Erfahrung.\" \/>\n<meta property=\"og:url\" content=\"https:\/\/beyondthestory.de\/en\/about-me-miriam-ruerup\/\" \/>\n<meta property=\"og:site_name\" content=\"BeyondTheStory\" \/>\n<meta property=\"article:modified_time\" content=\"2026-03-15T12:46:42+00:00\" \/>\n<meta property=\"og:image\" content=\"https:\/\/beyondthestory.de\/wp-content\/uploads\/2025\/05\/IMG_0007.jpg\" \/>\n\t<meta property=\"og:image:width\" content=\"2560\" \/>\n\t<meta property=\"og:image:height\" content=\"1706\" \/>\n\t<meta property=\"og:image:type\" content=\"image\/jpeg\" \/>\n<meta name=\"twitter:card\" content=\"summary_large_image\" \/>\n<meta name=\"twitter:label1\" content=\"Estimated reading time\" \/>\n\t<meta name=\"twitter:data1\" content=\"10 minutes\" \/>\n<script type=\"application\/ld+json\" class=\"yoast-schema-graph\">{\"@context\":\"https:\\\/\\\/schema.org\",\"@graph\":[{\"@type\":\"WebPage\",\"@id\":\"https:\\\/\\\/beyondthestory.de\\\/ueber-mich-miriam-ruerup\\\/\",\"url\":\"https:\\\/\\\/beyondthestory.de\\\/ueber-mich-miriam-ruerup\\\/\",\"name\":\"\u00dcber mich - BeyondTheStory\",\"isPartOf\":{\"@id\":\"https:\\\/\\\/beyondthestory.de\\\/#website\"},\"primaryImageOfPage\":{\"@id\":\"https:\\\/\\\/beyondthestory.de\\\/ueber-mich-miriam-ruerup\\\/#primaryimage\"},\"image\":{\"@id\":\"https:\\\/\\\/beyondthestory.de\\\/ueber-mich-miriam-ruerup\\\/#primaryimage\"},\"thumbnailUrl\":\"https:\\\/\\\/beyondthestory.de\\\/wp-content\\\/uploads\\\/2025\\\/05\\\/IMG_0007.jpg\",\"datePublished\":\"2025-04-18T16:54:21+00:00\",\"dateModified\":\"2026-03-15T12:46:42+00:00\",\"description\":\"Ich begleite Menschen dabei, ihre Geschichte neu zu sehen, zu verstehen & zu erz\u00e4hlen \u2013 mit Empathie, Klarheit & interkultureller Erfahrung.\",\"breadcrumb\":{\"@id\":\"https:\\\/\\\/beyondthestory.de\\\/ueber-mich-miriam-ruerup\\\/#breadcrumb\"},\"inLanguage\":\"en-GB\",\"potentialAction\":[{\"@type\":\"ReadAction\",\"target\":[\"https:\\\/\\\/beyondthestory.de\\\/ueber-mich-miriam-ruerup\\\/\"]}]},{\"@type\":\"ImageObject\",\"inLanguage\":\"en-GB\",\"@id\":\"https:\\\/\\\/beyondthestory.de\\\/ueber-mich-miriam-ruerup\\\/#primaryimage\",\"url\":\"https:\\\/\\\/beyondthestory.de\\\/wp-content\\\/uploads\\\/2025\\\/05\\\/IMG_0007.jpg\",\"contentUrl\":\"https:\\\/\\\/beyondthestory.de\\\/wp-content\\\/uploads\\\/2025\\\/05\\\/IMG_0007.jpg\"},{\"@type\":\"BreadcrumbList\",\"@id\":\"https:\\\/\\\/beyondthestory.de\\\/ueber-mich-miriam-ruerup\\\/#breadcrumb\",\"itemListElement\":[{\"@type\":\"ListItem\",\"position\":1,\"name\":\"Startseite\",\"item\":\"https:\\\/\\\/beyondthestory.de\\\/\"},{\"@type\":\"ListItem\",\"position\":2,\"name\":\"\u00dcber mich\"}]},{\"@type\":\"WebSite\",\"@id\":\"https:\\\/\\\/beyondthestory.de\\\/#website\",\"url\":\"https:\\\/\\\/beyondthestory.de\\\/\",\"name\":\"BeyondTheStory\",\"description\":\"Authentische Narrative f&uuml;r eine neue Zukunft\",\"publisher\":{\"@id\":\"https:\\\/\\\/beyondthestory.de\\\/#\\\/schema\\\/person\\\/9a78bdcc0d788d60926c0bd88bb23fcd\"},\"potentialAction\":[{\"@type\":\"SearchAction\",\"target\":{\"@type\":\"EntryPoint\",\"urlTemplate\":\"https:\\\/\\\/beyondthestory.de\\\/?s={search_term_string}\"},\"query-input\":{\"@type\":\"PropertyValueSpecification\",\"valueRequired\":true,\"valueName\":\"search_term_string\"}}],\"inLanguage\":\"en-GB\"},{\"@type\":[\"Person\",\"Organization\"],\"@id\":\"https:\\\/\\\/beyondthestory.de\\\/#\\\/schema\\\/person\\\/9a78bdcc0d788d60926c0bd88bb23fcd\",\"name\":\"Miriam R\u00fcrup\",\"image\":{\"@type\":\"ImageObject\",\"inLanguage\":\"en-GB\",\"@id\":\"https:\\\/\\\/beyondthestory.de\\\/wp-content\\\/uploads\\\/2025\\\/05\\\/cropped-Beyondthestory_favicon_sw.png\",\"url\":\"https:\\\/\\\/beyondthestory.de\\\/wp-content\\\/uploads\\\/2025\\\/05\\\/cropped-Beyondthestory_favicon_sw.png\",\"contentUrl\":\"https:\\\/\\\/beyondthestory.de\\\/wp-content\\\/uploads\\\/2025\\\/05\\\/cropped-Beyondthestory_favicon_sw.png\",\"width\":512,\"height\":512,\"caption\":\"Miriam R\u00fcrup\"},\"logo\":{\"@id\":\"https:\\\/\\\/beyondthestory.de\\\/wp-content\\\/uploads\\\/2025\\\/05\\\/cropped-Beyondthestory_favicon_sw.png\"},\"sameAs\":[\"https:\\\/\\\/beyondthestory.de\",\"https:\\\/\\\/www.linkedin.com\\\/in\\\/miriam-ruerup\\\/\"]}]}<\/script>\n<!-- \/ Yoast SEO plugin. -->","yoast_head_json":{"title":"About me - BeyondTheStory","description":"I help people to see, understand and tell their story in a new way - with empathy, clarity and intercultural experience.","robots":{"index":"index","follow":"follow","max-snippet":"max-snippet:-1","max-image-preview":"max-image-preview:large","max-video-preview":"max-video-preview:-1"},"canonical":"https:\/\/beyondthestory.de\/en\/about-me-miriam-ruerup\/","og_locale":"en_GB","og_type":"article","og_title":"\u00dcber mich - BeyondTheStory","og_description":"Ich begleite Menschen dabei, ihre Geschichte neu zu sehen, zu verstehen & zu erz\u00e4hlen \u2013 mit Empathie, Klarheit & interkultureller Erfahrung.","og_url":"https:\/\/beyondthestory.de\/en\/about-me-miriam-ruerup\/","og_site_name":"BeyondTheStory","article_modified_time":"2026-03-15T12:46:42+00:00","og_image":[{"width":2560,"height":1706,"url":"https:\/\/beyondthestory.de\/wp-content\/uploads\/2025\/05\/IMG_0007.jpg","type":"image\/jpeg"}],"twitter_card":"summary_large_image","twitter_misc":{"Estimated reading time":"10 minutes"},"schema":{"@context":"https:\/\/schema.org","@graph":[{"@type":"WebPage","@id":"https:\/\/beyondthestory.de\/ueber-mich-miriam-ruerup\/","url":"https:\/\/beyondthestory.de\/ueber-mich-miriam-ruerup\/","name":"About me - BeyondTheStory","isPartOf":{"@id":"https:\/\/beyondthestory.de\/#website"},"primaryImageOfPage":{"@id":"https:\/\/beyondthestory.de\/ueber-mich-miriam-ruerup\/#primaryimage"},"image":{"@id":"https:\/\/beyondthestory.de\/ueber-mich-miriam-ruerup\/#primaryimage"},"thumbnailUrl":"https:\/\/beyondthestory.de\/wp-content\/uploads\/2025\/05\/IMG_0007.jpg","datePublished":"2025-04-18T16:54:21+00:00","dateModified":"2026-03-15T12:46:42+00:00","description":"I help people to see, understand and tell their story in a new way - with empathy, clarity and intercultural experience.","breadcrumb":{"@id":"https:\/\/beyondthestory.de\/ueber-mich-miriam-ruerup\/#breadcrumb"},"inLanguage":"en-GB","potentialAction":[{"@type":"ReadAction","target":["https:\/\/beyondthestory.de\/ueber-mich-miriam-ruerup\/"]}]},{"@type":"ImageObject","inLanguage":"en-GB","@id":"https:\/\/beyondthestory.de\/ueber-mich-miriam-ruerup\/#primaryimage","url":"https:\/\/beyondthestory.de\/wp-content\/uploads\/2025\/05\/IMG_0007.jpg","contentUrl":"https:\/\/beyondthestory.de\/wp-content\/uploads\/2025\/05\/IMG_0007.jpg"},{"@type":"BreadcrumbList","@id":"https:\/\/beyondthestory.de\/ueber-mich-miriam-ruerup\/#breadcrumb","itemListElement":[{"@type":"ListItem","position":1,"name":"Startseite","item":"https:\/\/beyondthestory.de\/"},{"@type":"ListItem","position":2,"name":"\u00dcber mich"}]},{"@type":"WebSite","@id":"https:\/\/beyondthestory.de\/#website","url":"https:\/\/beyondthestory.de\/","name":"BeyondTheStory","description":"Authentic narratives for a new future","publisher":{"@id":"https:\/\/beyondthestory.de\/#\/schema\/person\/9a78bdcc0d788d60926c0bd88bb23fcd"},"potentialAction":[{"@type":"SearchAction","target":{"@type":"EntryPoint","urlTemplate":"https:\/\/beyondthestory.de\/?s={search_term_string}"},"query-input":{"@type":"PropertyValueSpecification","valueRequired":true,"valueName":"search_term_string"}}],"inLanguage":"en-GB"},{"@type":["Person","Organization"],"@id":"https:\/\/beyondthestory.de\/#\/schema\/person\/9a78bdcc0d788d60926c0bd88bb23fcd","name":"Miriam R\u00fcrup","image":{"@type":"ImageObject","inLanguage":"en-GB","@id":"https:\/\/beyondthestory.de\/wp-content\/uploads\/2025\/05\/cropped-Beyondthestory_favicon_sw.png","url":"https:\/\/beyondthestory.de\/wp-content\/uploads\/2025\/05\/cropped-Beyondthestory_favicon_sw.png","contentUrl":"https:\/\/beyondthestory.de\/wp-content\/uploads\/2025\/05\/cropped-Beyondthestory_favicon_sw.png","width":512,"height":512,"caption":"Miriam R\u00fcrup"},"logo":{"@id":"https:\/\/beyondthestory.de\/wp-content\/uploads\/2025\/05\/cropped-Beyondthestory_favicon_sw.png"},"sameAs":["https:\/\/beyondthestory.de","https:\/\/www.linkedin.com\/in\/miriam-ruerup\/"]}]}},"_links":{"self":[{"href":"https:\/\/beyondthestory.de\/en\/wp-json\/wp\/v2\/pages\/161","targetHints":{"allow":["GET"]}}],"collection":[{"href":"https:\/\/beyondthestory.de\/en\/wp-json\/wp\/v2\/pages"}],"about":[{"href":"https:\/\/beyondthestory.de\/en\/wp-json\/wp\/v2\/types\/page"}],"author":[{"embeddable":true,"href":"https:\/\/beyondthestory.de\/en\/wp-json\/wp\/v2\/users\/1"}],"replies":[{"embeddable":true,"href":"https:\/\/beyondthestory.de\/en\/wp-json\/wp\/v2\/comments?post=161"}],"version-history":[{"count":132,"href":"https:\/\/beyondthestory.de\/en\/wp-json\/wp\/v2\/pages\/161\/revisions"}],"predecessor-version":[{"id":3372,"href":"https:\/\/beyondthestory.de\/en\/wp-json\/wp\/v2\/pages\/161\/revisions\/3372"}],"wp:attachment":[{"href":"https:\/\/beyondthestory.de\/en\/wp-json\/wp\/v2\/media?parent=161"}],"curies":[{"name":"wp","href":"https:\/\/api.w.org\/{rel}","templated":true}]}}